{"id":867613,"date":"2020-08-18T17:47:33","date_gmt":"2020-08-18T21:47:33","guid":{"rendered":"https:\/\/cchim.ca\/?page_id=867613"},"modified":"2024-09-08T19:58:58","modified_gmt":"2024-09-08T23:58:58","slug":"chim-recertification","status":"publish","type":"page","link":"https:\/\/cchim.ca\/fr\/certification\/renouvellement-du-certificat\/chim-recertification\/","title":{"rendered":"Recertification du CHIM"},"content":{"rendered":"\t\t<div data-elementor-type=\"wp-page\" data-elementor-id=\"867613\" class=\"elementor elementor-867613 elementor-212\" data-elementor-post-type=\"page\">\n\t\t\t\t<div data-particle_enable=\"false\" data-particle-mobile-disabled=\"false\" class=\"elementor-element elementor-element-2343b6b e-flex e-con-boxed e-con e-parent\" data-id=\"2343b6b\" data-element_type=\"container\" data-e-type=\"container\">\n\t\t\t\t\t<div class=\"e-con-inner\">\n\t\t\t\t<div class=\"elementor-element elementor-element-30fc3606 elementor-widget elementor-widget-text-editor\" data-id=\"30fc3606\" data-element_type=\"widget\" data-e-type=\"widget\" data-widget_type=\"text-editor.default\">\n\t\t\t\t<div class=\"elementor-widget-container\">\n\t\t\t\t\t\t\t\t\t<p>Recertification du CHIM<\/p>\n\t\t\t\t\t\t\t\t<\/div>\n\t\t\t\t<\/div>\n\t\t\t\t<div class=\"elementor-element elementor-element-41c29718 elementor-widget elementor-widget-heading\" data-id=\"41c29718\" data-element_type=\"widget\" data-e-type=\"widget\" data-widget_type=\"heading.default\">\n\t\t\t\t<div class=\"elementor-widget-container\">\n\t\t\t\t\t<h1 class=\"elementor-heading-title elementor-size-default\">Recertifier en tant que professionnel certifi\u00e9 de la gestion de l\u2019information sur la sant\u00e9<\/h1>\t\t\t\t<\/div>\n\t\t\t\t<\/div>\n\t\t\t\t<div class=\"elementor-element elementor-element-7a775695 elementor-widget elementor-widget-spacer\" data-id=\"7a775695\" data-element_type=\"widget\" data-e-type=\"widget\" data-widget_type=\"spacer.default\">\n\t\t\t\t<div class=\"elementor-widget-container\">\n\t\t\t\t\t\t\t<div class=\"elementor-spacer\">\n\t\t\t<div class=\"elementor-spacer-inner\"><\/div>\n\t\t<\/div>\n\t\t\t\t\t\t<\/div>\n\t\t\t\t<\/div>\n\t\t\t\t<div class=\"elementor-element elementor-element-5b8f86e3 elementor-widget elementor-widget-text-editor\" data-id=\"5b8f86e3\" data-element_type=\"widget\" data-e-type=\"widget\" data-widget_type=\"text-editor.default\">\n\t\t\t\t<div class=\"elementor-widget-container\">\n\t\t\t\t\t\t\t\t\t<p>Le titre professionnel d\u00e9tenu par les leaders de l\u2019information sur la sant\u00e9 d\u2019aujourd\u2019hui, du codage m\u00e9dical \u00e0 la gouvernance de l\u2019information et au-del\u00e0.<\/p>\n\t\t\t\t\t\t\t\t<\/div>\n\t\t\t\t<\/div>\n\t\t<div data-particle_enable=\"false\" data-particle-mobile-disabled=\"false\" class=\"elementor-element elementor-element-419e06bc e-con-full e-flex e-con e-child\" data-id=\"419e06bc\" data-element_type=\"container\" data-e-type=\"container\">\n\t\t\t\t<div class=\"elementor-element elementor-element-1d4a6a1e elementor-widget elementor-widget-heading\" data-id=\"1d4a6a1e\" data-element_type=\"widget\" data-e-type=\"widget\" data-widget_type=\"heading.default\">\n\t\t\t\t<div class=\"elementor-widget-container\">\n\t\t\t\t\t<h2 class=\"elementor-heading-title elementor-size-default\">Processus<\/h2>\t\t\t\t<\/div>\n\t\t\t\t<\/div>\n\t\t\t\t<div class=\"elementor-element elementor-element-2a7dcfda elementor-widget elementor-widget-text-editor\" data-id=\"2a7dcfda\" data-element_type=\"widget\" data-e-type=\"widget\" data-widget_type=\"text-editor.default\">\n\t\t\t\t<div class=\"elementor-widget-container\">\n\t\t\t\t\t\t\t\t\t<p>Si votre accr\u00e9ditation est annul\u00e9e depuis<strong> moins de trois (3) ans<\/strong>, vous devez satisfaire aux crit\u00e8res suivants pour \u00eatre admissible \u00e0 une nouvelle accr\u00e9ditation :<\/p>\n\n<ul class=\"wp-block-list\">\n<li>Avoir accumul\u00e9 un (1) cr\u00e9dit de formation professionnelle continue (D\u00c9C), conform\u00e9ment \u00e0 la politique de D\u00c9C, pour chaque mois de r\u00e9vocation de l\u2019accr\u00e9ditation&nbsp;;<\/li>\n\n<li>Payer les frais de recertification applicables plus les taxes&nbsp;; et<\/li>\n\n<li>Payer les cotisations annuelles des membres professionnels en entier pour l\u2019exercice en cours, plus les taxes, \u00e0 echima.ca.<\/li>\n<\/ul>\n\n<p>Si votre accr\u00e9ditation est \u00e9gale <strong>ou sup\u00e9rieure \u00e0 trois (3) ans<\/strong>, vous devez satisfaire aux crit\u00e8res suivants pour \u00eatre admissible \u00e0 une nouvelle accr\u00e9ditation :<\/p>\n\n<ul class=\"wp-block-list\">\n<li>R\u00e9\u00e9crire et r\u00e9ussir l\u2019examen national de certification CHIM conform\u00e9ment \u00e0 la politique d\u2019examen, \u00e0 la structure des frais et aux r\u00e8gles&nbsp;; et  <\/li>\n\n<li>Payez les frais de recertification applicables plus les taxes.<\/li>\n<\/ul>\t\t\t\t\t\t\t\t<\/div>\n\t\t\t\t<\/div>\n\t\t\t\t<\/div>\n\t\t\t\t\t<\/div>\n\t\t\t\t<\/div>\n\t\t<div data-particle_enable=\"false\" data-particle-mobile-disabled=\"false\" class=\"elementor-element elementor-element-b329692 e-flex e-con-boxed e-con e-parent\" data-id=\"b329692\" data-element_type=\"container\" data-e-type=\"container\">\n\t\t\t\t\t<div class=\"e-con-inner\">\n\t\t<div data-particle_enable=\"false\" data-particle-mobile-disabled=\"false\" class=\"elementor-element elementor-element-45ffdf1 e-con-full e-flex e-con e-child\" data-id=\"45ffdf1\" data-element_type=\"container\" data-e-type=\"container\">\n\t\t\t\t<div class=\"elementor-element elementor-element-e92cb02 elementor-align-center elementor-widget elementor-widget-button\" data-id=\"e92cb02\" data-element_type=\"widget\" data-e-type=\"widget\" data-widget_type=\"button.default\">\n\t\t\t\t<div class=\"elementor-widget-container\">\n\t\t\t\t\t\t\t\t\t<div class=\"elementor-button-wrapper\">\n\t\t\t\t\t<a class=\"elementor-button elementor-button-link elementor-size-sm\" href=\"https:\/\/www.echima.ca\/product\/recertification-chim-less-than-three-years\/\">\n\t\t\t\t\t\t<span class=\"elementor-button-content-wrapper\">\n\t\t\t\t\t\t<span class=\"elementor-button-icon\">\n\t\t\t\t<svg aria-hidden=\"true\" class=\"e-font-icon-svg e-fas-external-link-alt\" viewBox=\"0 0 512 512\" xmlns=\"http:\/\/www.w3.org\/2000\/svg\"><path d=\"M432,320H400a16,16,0,0,0-16,16V448H64V128H208a16,16,0,0,0,16-16V80a16,16,0,0,0-16-16H48A48,48,0,0,0,0,112V464a48,48,0,0,0,48,48H400a48,48,0,0,0,48-48V336A16,16,0,0,0,432,320ZM488,0h-128c-21.37,0-32.05,25.91-17,41l35.73,35.73L135,320.37a24,24,0,0,0,0,34L157.67,377a24,24,0,0,0,34,0L435.28,133.32,471,169c15,15,41,4.5,41-17V24A24,24,0,0,0,488,0Z\"><\/path><\/svg>\t\t\t<\/span>\n\t\t\t\t\t\t\t\t\t<span class=\"elementor-button-text\">Recertification (&lt;3 ans)<\/span>\n\t\t\t\t\t<\/span>\n\t\t\t\t\t<\/a>\n\t\t\t\t<\/div>\n\t\t\t\t\t\t\t\t<\/div>\n\t\t\t\t<\/div>\n\t\t\t\t<\/div>\n\t\t<div data-particle_enable=\"false\" data-particle-mobile-disabled=\"false\" class=\"elementor-element elementor-element-5b3e941 e-con-full e-flex e-con e-child\" data-id=\"5b3e941\" data-element_type=\"container\" data-e-type=\"container\">\n\t\t\t\t<div class=\"elementor-element elementor-element-2670919 elementor-align-center elementor-widget elementor-widget-button\" data-id=\"2670919\" data-element_type=\"widget\" data-e-type=\"widget\" data-widget_type=\"button.default\">\n\t\t\t\t<div class=\"elementor-widget-container\">\n\t\t\t\t\t\t\t\t\t<div class=\"elementor-button-wrapper\">\n\t\t\t\t\t<a class=\"elementor-button elementor-button-link elementor-size-sm\" href=\"https:\/\/www.echima.ca\/product\/recertification-chim-greater-than-three-years\/\">\n\t\t\t\t\t\t<span class=\"elementor-button-content-wrapper\">\n\t\t\t\t\t\t<span class=\"elementor-button-icon\">\n\t\t\t\t<svg aria-hidden=\"true\" class=\"e-font-icon-svg e-fas-external-link-alt\" viewBox=\"0 0 512 512\" xmlns=\"http:\/\/www.w3.org\/2000\/svg\"><path d=\"M432,320H400a16,16,0,0,0-16,16V448H64V128H208a16,16,0,0,0,16-16V80a16,16,0,0,0-16-16H48A48,48,0,0,0,0,112V464a48,48,0,0,0,48,48H400a48,48,0,0,0,48-48V336A16,16,0,0,0,432,320ZM488,0h-128c-21.37,0-32.05,25.91-17,41l35.73,35.73L135,320.37a24,24,0,0,0,0,34L157.67,377a24,24,0,0,0,34,0L435.28,133.32,471,169c15,15,41,4.5,41-17V24A24,24,0,0,0,488,0Z\"><\/path><\/svg>\t\t\t<\/span>\n\t\t\t\t\t\t\t\t\t<span class=\"elementor-button-text\">Recertification (&gt;3 ans)<\/span>\n\t\t\t\t\t<\/span>\n\t\t\t\t\t<\/a>\n\t\t\t\t<\/div>\n\t\t\t\t\t\t\t\t<\/div>\n\t\t\t\t<\/div>\n\t\t\t\t<\/div>\n\t\t<div data-particle_enable=\"false\" data-particle-mobile-disabled=\"false\" class=\"elementor-element elementor-element-d9d7994 e-con-full e-flex e-con e-child\" data-id=\"d9d7994\" data-element_type=\"container\" data-e-type=\"container\">\n\t\t\t\t<div class=\"elementor-element elementor-element-3049289 elementor-align-center elementor-widget elementor-widget-button\" data-id=\"3049289\" data-element_type=\"widget\" data-e-type=\"widget\" data-widget_type=\"button.default\">\n\t\t\t\t<div class=\"elementor-widget-container\">\n\t\t\t\t\t\t\t\t\t<div class=\"elementor-button-wrapper\">\n\t\t\t\t\t<a class=\"elementor-button elementor-button-link elementor-size-sm\" href=\"https:\/\/healthinfocanada.ca\/about\/contact\/\">\n\t\t\t\t\t\t<span class=\"elementor-button-content-wrapper\">\n\t\t\t\t\t\t<span class=\"elementor-button-icon\">\n\t\t\t\t<svg aria-hidden=\"true\" class=\"e-font-icon-svg e-fas-external-link-alt\" viewBox=\"0 0 512 512\" xmlns=\"http:\/\/www.w3.org\/2000\/svg\"><path d=\"M432,320H400a16,16,0,0,0-16,16V448H64V128H208a16,16,0,0,0,16-16V80a16,16,0,0,0-16-16H48A48,48,0,0,0,0,112V464a48,48,0,0,0,48,48H400a48,48,0,0,0,48-48V336A16,16,0,0,0,432,320ZM488,0h-128c-21.37,0-32.05,25.91-17,41l35.73,35.73L135,320.37a24,24,0,0,0,0,34L157.67,377a24,24,0,0,0,34,0L435.28,133.32,471,169c15,15,41,4.5,41-17V24A24,24,0,0,0,488,0Z\"><\/path><\/svg>\t\t\t<\/span>\n\t\t\t\t\t\t\t\t\t<span class=\"elementor-button-text\">Contactez-nous<\/span>\n\t\t\t\t\t<\/span>\n\t\t\t\t\t<\/a>\n\t\t\t\t<\/div>\n\t\t\t\t\t\t\t\t<\/div>\n\t\t\t\t<\/div>\n\t\t\t\t<\/div>\n\t\t\t\t\t<\/div>\n\t\t\t\t<\/div>\n\t\t<div data-particle_enable=\"false\" data-particle-mobile-disabled=\"false\" class=\"elementor-element elementor-element-5d12c3b e-flex e-con-boxed e-con e-parent\" data-id=\"5d12c3b\" data-element_type=\"container\" data-e-type=\"container\">\n\t\t\t\t\t<div class=\"e-con-inner\">\n\t\t\t\t<div class=\"elementor-element elementor-element-76a5fd5 elementor-widget elementor-widget-heading\" data-id=\"76a5fd5\" data-element_type=\"widget\" data-e-type=\"widget\" data-widget_type=\"heading.default\">\n\t\t\t\t<div class=\"elementor-widget-container\">\n\t\t\t\t\t<h2 class=\"elementor-heading-title elementor-size-default\">Frais<\/h2>\t\t\t\t<\/div>\n\t\t\t\t<\/div>\n\t\t\t\t\t<\/div>\n\t\t\t\t<\/div>\n\t\t<div data-particle_enable=\"false\" data-particle-mobile-disabled=\"false\" class=\"elementor-element elementor-element-3cba3a0f e-flex e-con-boxed e-con e-parent\" data-id=\"3cba3a0f\" data-element_type=\"container\" data-e-type=\"container\">\n\t\t\t\t\t<div class=\"e-con-inner\">\n\t\t\t\t<div class=\"elementor-element elementor-element-4c754dde elementor-widget elementor-widget-text-editor\" data-id=\"4c754dde\" data-element_type=\"widget\" data-e-type=\"widget\" data-widget_type=\"text-editor.default\">\n\t\t\t\t<div class=\"elementor-widget-container\">\n\t\t\t\t\t\t\t\t\t<figure class=\"wp-block-table\">\n<table>\n<thead>\n<tr>\n<th><strong>Dur\u00e9e d\u00e9certifi\u00e9e<\/strong><\/th>\n<th><strong>Frais de recertification<\/strong><\/th>\n<th><strong>Cotisations annuelles des membres professionnels<\/strong> <br>pour l\u2019exercice en cours<\/th>\n<th><strong>Demande de RCE<\/strong><\/th>\n<th>Adh\u00e9sion \u00e0 l\u2019affili\u00e9<\/th>\n<th><strong>Total estimatif*<\/strong><\/th>\n<\/tr>\n<\/thead>\n<tbody>\n<tr>\n<td>Inf\u00e9rieur \u00e0 (&lt;) ou \u00e9gal \u00e0 (=) 1 an<\/td>\n<td>125,00 $<\/td>\n<td>338,74 $<\/td>\n<td>S.O.<\/td>\n<td>S.O.<\/td>\n<td>463,74 $<\/td>\n<\/tr>\n<tr>\n<td>Sup\u00e9rieur \u00e0 (&gt;) 1 an ou \u00e9gal \u00e0 (=) 2 ans<\/td>\n<td>200,00 $<\/td>\n<td>338,74 $<\/td>\n<td>S.O.<\/td>\n<td>S.O.<\/td>\n<td>538,74 $<\/td>\n<\/tr>\n<tr>\n<td>Sup\u00e9rieur \u00e0 (&gt;) 2 ans ou \u00e9gal \u00e0 (=) 3 ans<\/td>\n<td>275,00 $<\/td>\n<td>338,74 $<\/td>\n<td>S.O.<\/td>\n<td>S.O.<\/td>\n<td>613,74 $<\/td>\n<\/tr>\n<tr>\n<td>Plus de (&gt;) 3 ans<\/td>\n<td>350,00 $<\/td>\n<td>338,74 $**<\/td>\n<td>498,00 $<\/td>\n<td>130,00 $<\/td>\n<td>1 316,74 $<\/td>\n<\/tr>\n<\/tbody>\n<\/table>\n<figcaption class=\"wp-element-caption\">Veuillez noter que les frais de recertification, l\u2019adh\u00e9sion professionnelle annuelle, la demande de RCE et l\u2019adh\u00e9sion affili\u00e9e sont achet\u00e9s s\u00e9par\u00e9ment.\nSi vous avez des questions, veuillez nous contacter. <br><br>*Les taxes sont suppl\u00e9mentaires<br><br>**Ces frais seront exig\u00e9s apr\u00e8s que le candidat \u00e0 la recertification aura r\u00e9ussi l\u2019examen<\/figcaption>\n<\/figure>\t\t\t\t\t\t\t\t<\/div>\n\t\t\t\t<\/div>\n\t\t\t\t\t<\/div>\n\t\t\t\t<\/div>\n\t\t<div data-particle_enable=\"false\" data-particle-mobile-disabled=\"false\" class=\"elementor-element elementor-element-2619e6e e-flex e-con-boxed e-con e-parent\" data-id=\"2619e6e\" data-element_type=\"container\" data-e-type=\"container\">\n\t\t\t\t\t<div class=\"e-con-inner\">\n\t\t\t\t<div class=\"elementor-element elementor-element-9f8ca9a elementor-widget elementor-widget-heading\" data-id=\"9f8ca9a\" data-element_type=\"widget\" data-e-type=\"widget\" data-widget_type=\"heading.default\">\n\t\t\t\t<div class=\"elementor-widget-container\">\n\t\t\t\t\t<h2 class=\"elementor-heading-title elementor-size-default\">Foire aux questions<\/h2>\t\t\t\t<\/div>\n\t\t\t\t<\/div>\n\t\t\t\t<div class=\"elementor-element elementor-element-7625325 elementor-widget elementor-widget-text-editor\" data-id=\"7625325\" data-element_type=\"widget\" data-e-type=\"widget\" data-widget_type=\"text-editor.default\">\n\t\t\t\t<div class=\"elementor-widget-container\">\n\t\t\t\t\t\t\t\t\t<h2 id=\"h-frequently-asked-questions\" class=\"wp-block-heading\"> <\/h2>\n\n<div class=\"wp-block-pb-accordion-item c-accordion__item js-accordion-item no-js\" data-initially-open=\"false\" data-click-to-close=\"true\" data-auto-close=\"true\" data-scroll=\"false\" data-scroll-offset=\"0\">\n<h2 id=\"at-2124\" class=\"c-accordion__title js-accordion-controller\" role=\"button\">Comment puis-je d\u00e9terminer le nombre de cr\u00e9dits de D\u00c9C que je dois soumettre dans le cadre du processus de recertification&nbsp;?<\/h2>\n<div id=\"ac-2124\" class=\"c-accordion__content\">\n<p>Pour d\u00e9terminer le nombre de cr\u00e9dits requis pour la recertification, ajoutez un cr\u00e9dit de D\u00c9C pour chaque mois o\u00f9 vous avez \u00e9t\u00e9 d\u00e9certifi\u00e9, jusqu\u2019\u00e0 la date \u00e0 laquelle vous soumettez votre formulaire de demande de recertification.\nVous devez avoir obtenu ces cr\u00e9dits au cours des trois derni\u00e8res ann\u00e9es. <\/p>\n\n<p>Par exemple, si vous avez \u00e9t\u00e9 d\u00e9certifi\u00e9 le 28 f\u00e9vrier 2020 et que vous pr\u00e9sentez une nouvelle certification le 1er ao\u00fbt 2020, vous devez fournir une preuve de 6 cr\u00e9dits de D\u00c9C.<\/p>\n<\/div>\n<\/div>\n\n<div class=\"wp-block-pb-accordion-item c-accordion__item js-accordion-item no-js\" data-initially-open=\"false\" data-click-to-close=\"true\" data-auto-close=\"true\" data-scroll=\"false\" data-scroll-offset=\"0\">\n<h2 id=\"at-2125\" class=\"c-accordion__title js-accordion-controller\" role=\"button\">Puis-je soumettre des activit\u00e9s de D\u00c9C que j\u2019ai termin\u00e9es avant de pr\u00e9senter une demande pour \u00eatre recertifi\u00e9es&nbsp;?<\/h2>\n<div id=\"ac-2125\" class=\"c-accordion__content\">\n<p>Oui, vous pouvez r\u00e9clamer des activit\u00e9s de D\u00c9C qui respectent la politique sur les D\u00c9C et qui ont \u00e9t\u00e9 achev\u00e9es dans les trois ans pr\u00e9c\u00e9dant la pr\u00e9sentation de la demande.<\/p>\n<\/div>\n<\/div>\n\n<div class=\"wp-block-pb-accordion-item c-accordion__item js-accordion-item no-js\" data-initially-open=\"false\" data-click-to-close=\"true\" data-auto-close=\"true\" data-scroll=\"false\" data-scroll-offset=\"0\">\n<h2 id=\"at-2126\" class=\"c-accordion__title js-accordion-controller\" role=\"button\">Comment puis-je soumettre mes activit\u00e9s de D\u00c9C&nbsp;?<\/h2>\n<div id=\"ac-2126\" class=\"c-accordion__content\">\n<ol class=\"wp-block-list\">\n<li>Connectez-vous \u00e0 votre <a href=\"http:\/\/echima.ca\">tableau de bord DE L\u2019ACIDS<\/a>.<\/li>\n\n<li>Dans le menu d\u00e9roulant \u00e0 c\u00f4t\u00e9 de votre nom (en haut \u00e0 droite), s\u00e9lectionnez \u00ab&nbsp;Mon tableau de bord&nbsp;\u00bb.<\/li>\n\n<li>Faites d\u00e9filer vers le bas et cliquez sur \u00ab&nbsp;G\u00e9rer&nbsp;\u00bb dans la section \u00ab&nbsp;<strong>Ma certification coll\u00e9giale<\/strong>&nbsp;\u00bb.<\/li>\n\n<li>Voir \u00ab&nbsp;<a href=\"https:\/\/www.echima.ca\/member-page\/my-dashboard\/college-certification\/my-cpe-record\/\">Mon enregistrement CPE<\/a>&nbsp;\u00bb.<\/li>\n\n<li>S\u00e9lectionnez \u00ab&nbsp;Entrez des cr\u00e9dits manuels&nbsp;\u00bb.<\/li>\n<\/ol>\n<\/div>\n<\/div>\n\n<div class=\"wp-block-pb-accordion-item c-accordion__item js-accordion-item no-js\" data-initially-open=\"false\" data-click-to-close=\"true\" data-auto-close=\"true\" data-scroll=\"false\" data-scroll-offset=\"0\">\n<h2 id=\"at-2127\" class=\"c-accordion__title js-accordion-controller\" role=\"button\">Quel est l\u2019exercice financier du Coll\u00e8ge canadien de gestion de l\u2019information sur la sant\u00e9&nbsp;?<\/h2>\n<div id=\"ac-2127\" class=\"c-accordion__content\">\n<p>L\u2019exercice financier commence chaque ann\u00e9e le 1er mars et se termine les 28 et 29 f\u00e9vrier suivants.\n(p. ex., du 1er mars 2021 au 28 f\u00e9vrier 2022) <\/p>\n<\/div>\n<\/div>\t\t\t\t\t\t\t\t<\/div>\n\t\t\t\t<\/div>\n\t\t\t\t\t<\/div>\n\t\t\t\t<\/div>\n\t\t\t\t<\/div>\n\t\t","protected":false},"excerpt":{"rendered":"<p>Recertification du CHIM Recertifier en tant que professionnel certifi\u00e9 de la gestion de l\u2019information sur la sant\u00e9 Le titre professionnel d\u00e9tenu par les leaders de l\u2019information sur la sant\u00e9 d\u2019aujourd\u2019hui, du codage m\u00e9dical \u00e0 la gouvernance de l\u2019information et au-del\u00e0. Processus Si votre accr\u00e9ditation&#8230;<\/p>\n","protected":false},"author":10,"featured_media":0,"parent":867548,"menu_order":0,"comment_status":"closed","ping_status":"closed","template":"","meta":{"footnotes":""},"class_list":["post-867613","page","type-page","status-publish","hentry"],"yoast_head":"<!-- This site is optimized with the Yoast SEO Premium plugin v26.2 (Yoast SEO v27.4) - https:\/\/yoast.com\/product\/yoast-seo-premium-wordpress\/ -->\n<title>Recertification du CHIM - Canadian College of Health Information Management<\/title>\n<meta name=\"description\" content=\"Recertification du CHIM Recertifier en tant que professionnel certifi\u00e9 de la gestion de l\u2019information sur la sant\u00e9 Le titre professionnel d\u00e9tenu par les\" \/>\n<meta name=\"robots\" content=\"index, follow, max-snippet:-1, max-image-preview:large, max-video-preview:-1\" \/>\n<link rel=\"canonical\" href=\"https:\/\/cchim.ca\/certification\/recertification\/chim-recertification\/\" \/>\n<meta property=\"og:locale\" content=\"fr_CA\" \/>\n<meta property=\"og:type\" content=\"article\" \/>\n<meta property=\"og:title\" content=\"Recertification du CHIM\" \/>\n<meta property=\"og:description\" content=\"Recertification du CHIM Recertifier en tant que professionnel certifi\u00e9 de la gestion de l\u2019information sur la sant\u00e9 Le titre professionnel d\u00e9tenu par les\" \/>\n<meta property=\"og:url\" content=\"https:\/\/cchim.ca\/certification\/recertification\/chim-recertification\/\" \/>\n<meta property=\"og:site_name\" content=\"Canadian College of Health Information Management\" \/>\n<meta property=\"article:modified_time\" content=\"2024-09-08T23:58:58+00:00\" \/>\n<meta name=\"twitter:card\" content=\"summary_large_image\" \/>\n<meta name=\"twitter:label1\" content=\"Estimation du temps de lecture\" \/>\n\t<meta name=\"twitter:data1\" content=\"3 minutes\" \/>\n<script type=\"application\/ld+json\" class=\"yoast-schema-graph\">{\"@context\":\"https:\\\/\\\/schema.org\",\"@graph\":[{\"@type\":\"WebPage\",\"@id\":\"https:\\\/\\\/cchim.ca\\\/certification\\\/recertification\\\/chim-recertification\\\/\",\"url\":\"https:\\\/\\\/cchim.ca\\\/certification\\\/recertification\\\/chim-recertification\\\/\",\"name\":\"Recertification du CHIM - Canadian College of Health Information Management\",\"isPartOf\":{\"@id\":\"https:\\\/\\\/cchim.ca\\\/#website\"},\"datePublished\":\"2020-08-18T21:47:33+00:00\",\"dateModified\":\"2024-09-08T23:58:58+00:00\",\"description\":\"Recertification du CHIM Recertifier en tant que professionnel certifi\u00e9 de la gestion de l\u2019information sur la sant\u00e9 Le titre professionnel d\u00e9tenu par les\",\"breadcrumb\":{\"@id\":\"https:\\\/\\\/cchim.ca\\\/certification\\\/recertification\\\/chim-recertification\\\/#breadcrumb\"},\"inLanguage\":\"fr-CA\",\"potentialAction\":[{\"@type\":\"ReadAction\",\"target\":[\"https:\\\/\\\/cchim.ca\\\/certification\\\/recertification\\\/chim-recertification\\\/\"]}]},{\"@type\":\"BreadcrumbList\",\"@id\":\"https:\\\/\\\/cchim.ca\\\/certification\\\/recertification\\\/chim-recertification\\\/#breadcrumb\",\"itemListElement\":[{\"@type\":\"ListItem\",\"position\":1,\"name\":\"Home\",\"item\":\"https:\\\/\\\/cchim.ca\\\/\"},{\"@type\":\"ListItem\",\"position\":2,\"name\":\"La certification\",\"item\":\"https:\\\/\\\/cchim.ca\\\/fr\\\/certification\\\/\"},{\"@type\":\"ListItem\",\"position\":3,\"name\":\"Recertification\",\"item\":\"https:\\\/\\\/cchim.ca\\\/certification\\\/recertification\\\/\"},{\"@type\":\"ListItem\",\"position\":4,\"name\":\"Recertification du CHIM\"}]},{\"@type\":\"WebSite\",\"@id\":\"https:\\\/\\\/cchim.ca\\\/#website\",\"url\":\"https:\\\/\\\/cchim.ca\\\/\",\"name\":\"Canadian College of Health Information Management\",\"description\":\"Accrediting academic institutions and certifying health information professionals\",\"publisher\":{\"@id\":\"https:\\\/\\\/cchim.ca\\\/#organization\"},\"alternateName\":\"CCHIM\",\"potentialAction\":[{\"@type\":\"SearchAction\",\"target\":{\"@type\":\"EntryPoint\",\"urlTemplate\":\"https:\\\/\\\/cchim.ca\\\/?s={search_term_string}\"},\"query-input\":{\"@type\":\"PropertyValueSpecification\",\"valueRequired\":true,\"valueName\":\"search_term_string\"}}],\"inLanguage\":\"fr-CA\"},{\"@type\":\"Organization\",\"@id\":\"https:\\\/\\\/cchim.ca\\\/#organization\",\"name\":\"Canadian College of Health Information Management\",\"alternateName\":\"CCHIM\",\"url\":\"https:\\\/\\\/cchim.ca\\\/\",\"logo\":{\"@type\":\"ImageObject\",\"inLanguage\":\"fr-CA\",\"@id\":\"https:\\\/\\\/cchim.ca\\\/#\\\/schema\\\/logo\\\/image\\\/\",\"url\":\"https:\\\/\\\/cchim.ca\\\/wp-content\\\/uploads\\\/2020\\\/08\\\/cropped-favicon.webp\",\"contentUrl\":\"https:\\\/\\\/cchim.ca\\\/wp-content\\\/uploads\\\/2020\\\/08\\\/cropped-favicon.webp\",\"width\":512,\"height\":512,\"caption\":\"Canadian College of Health Information Management\"},\"image\":{\"@id\":\"https:\\\/\\\/cchim.ca\\\/#\\\/schema\\\/logo\\\/image\\\/\"},\"description\":\"Canadian College of Health Information Management\",\"email\":\"support@echima.ca\",\"legalName\":\"Canadian College of Health Information Management\",\"foundingDate\":\"1972-09-07\",\"numberOfEmployees\":{\"@type\":\"QuantitativeValue\",\"minValue\":\"11\",\"maxValue\":\"50\"}}]}<\/script>\n<!-- \/ Yoast SEO Premium plugin. -->","yoast_head_json":{"title":"Recertification du CHIM - Canadian College of Health Information Management","description":"Recertification du CHIM Recertifier en tant que professionnel certifi\u00e9 de la gestion de l\u2019information sur la sant\u00e9 Le titre professionnel d\u00e9tenu par les","robots":{"index":"index","follow":"follow","max-snippet":"max-snippet:-1","max-image-preview":"max-image-preview:large","max-video-preview":"max-video-preview:-1"},"canonical":"https:\/\/cchim.ca\/certification\/recertification\/chim-recertification\/","og_locale":"fr_CA","og_type":"article","og_title":"Recertification du CHIM","og_description":"Recertification du CHIM Recertifier en tant que professionnel certifi\u00e9 de la gestion de l\u2019information sur la sant\u00e9 Le titre professionnel d\u00e9tenu par les","og_url":"https:\/\/cchim.ca\/certification\/recertification\/chim-recertification\/","og_site_name":"Canadian College of Health Information Management","article_modified_time":"2024-09-08T23:58:58+00:00","twitter_card":"summary_large_image","twitter_misc":{"Estimation du temps de lecture":"3 minutes"},"schema":{"@context":"https:\/\/schema.org","@graph":[{"@type":"WebPage","@id":"https:\/\/cchim.ca\/certification\/recertification\/chim-recertification\/","url":"https:\/\/cchim.ca\/certification\/recertification\/chim-recertification\/","name":"Recertification du CHIM - Canadian College of Health Information Management","isPartOf":{"@id":"https:\/\/cchim.ca\/#website"},"datePublished":"2020-08-18T21:47:33+00:00","dateModified":"2024-09-08T23:58:58+00:00","description":"Recertification du CHIM Recertifier en tant que professionnel certifi\u00e9 de la gestion de l\u2019information sur la sant\u00e9 Le titre professionnel d\u00e9tenu par les","breadcrumb":{"@id":"https:\/\/cchim.ca\/certification\/recertification\/chim-recertification\/#breadcrumb"},"inLanguage":"fr-CA","potentialAction":[{"@type":"ReadAction","target":["https:\/\/cchim.ca\/certification\/recertification\/chim-recertification\/"]}]},{"@type":"BreadcrumbList","@id":"https:\/\/cchim.ca\/certification\/recertification\/chim-recertification\/#breadcrumb","itemListElement":[{"@type":"ListItem","position":1,"name":"Home","item":"https:\/\/cchim.ca\/"},{"@type":"ListItem","position":2,"name":"La certification","item":"https:\/\/cchim.ca\/fr\/certification\/"},{"@type":"ListItem","position":3,"name":"Recertification","item":"https:\/\/cchim.ca\/certification\/recertification\/"},{"@type":"ListItem","position":4,"name":"Recertification du CHIM"}]},{"@type":"WebSite","@id":"https:\/\/cchim.ca\/#website","url":"https:\/\/cchim.ca\/","name":"Canadian College of Health Information Management","description":"Accrediting academic institutions and certifying health information professionals","publisher":{"@id":"https:\/\/cchim.ca\/#organization"},"alternateName":"CCHIM","potentialAction":[{"@type":"SearchAction","target":{"@type":"EntryPoint","urlTemplate":"https:\/\/cchim.ca\/?s={search_term_string}"},"query-input":{"@type":"PropertyValueSpecification","valueRequired":true,"valueName":"search_term_string"}}],"inLanguage":"fr-CA"},{"@type":"Organization","@id":"https:\/\/cchim.ca\/#organization","name":"Canadian College of Health Information Management","alternateName":"CCHIM","url":"https:\/\/cchim.ca\/","logo":{"@type":"ImageObject","inLanguage":"fr-CA","@id":"https:\/\/cchim.ca\/#\/schema\/logo\/image\/","url":"https:\/\/cchim.ca\/wp-content\/uploads\/2020\/08\/cropped-favicon.webp","contentUrl":"https:\/\/cchim.ca\/wp-content\/uploads\/2020\/08\/cropped-favicon.webp","width":512,"height":512,"caption":"Canadian College of Health Information Management"},"image":{"@id":"https:\/\/cchim.ca\/#\/schema\/logo\/image\/"},"description":"Canadian College of Health Information Management","email":"support@echima.ca","legalName":"Canadian College of Health Information Management","foundingDate":"1972-09-07","numberOfEmployees":{"@type":"QuantitativeValue","minValue":"11","maxValue":"50"}}]}},"_links":{"self":[{"href":"https:\/\/cchim.ca\/fr\/wp-json\/wp\/v2\/pages\/867613","targetHints":{"allow":["GET"]}}],"collection":[{"href":"https:\/\/cchim.ca\/fr\/wp-json\/wp\/v2\/pages"}],"about":[{"href":"https:\/\/cchim.ca\/fr\/wp-json\/wp\/v2\/types\/page"}],"author":[{"embeddable":true,"href":"https:\/\/cchim.ca\/fr\/wp-json\/wp\/v2\/users\/10"}],"replies":[{"embeddable":true,"href":"https:\/\/cchim.ca\/fr\/wp-json\/wp\/v2\/comments?post=867613"}],"version-history":[{"count":0,"href":"https:\/\/cchim.ca\/fr\/wp-json\/wp\/v2\/pages\/867613\/revisions"}],"up":[{"embeddable":true,"href":"https:\/\/cchim.ca\/fr\/wp-json\/wp\/v2\/pages\/867548"}],"wp:attachment":[{"href":"https:\/\/cchim.ca\/fr\/wp-json\/wp\/v2\/media?parent=867613"}],"curies":[{"name":"wp","href":"https:\/\/api.w.org\/{rel}","templated":true}]}}